{"id":8,"date":"2018-07-03T12:05:37","date_gmt":"2018-07-03T10:05:37","guid":{"rendered":"http:\/\/yoga-atmajaya.fr\/?page_id=8"},"modified":"2026-03-16T12:11:05","modified_gmt":"2026-03-16T11:11:05","slug":"les-cours-de-yoga","status":"publish","type":"page","link":"https:\/\/yoga-atmajaya.fr\/index.php\/les-cours-de-yoga\/","title":{"rendered":"Cours de Yoga doux"},"content":{"rendered":"<p data-start=\"1383\" data-end=\"1574\">Mes cours de yoga sont accessibles \u00e0 tous, m\u00eame aux personnes peu souples ou souffrant de douleurs de dos.\u00a0<br data-start=\"1491\" data-end=\"1494\" \/>Le mouvement est lent, conscient, attentif aux limites et aux besoins de chacun.<\/p>\n<p data-start=\"1576\" data-end=\"1596\">Nous travaillons\u00a0<span style=\"font-size: 1rem;\">la mobilit\u00e9 articulaire,\u00a0<\/span><span style=\"font-size: 1rem;\">la respiration naturelle,\u00a0<\/span><span style=\"font-size: 1rem;\">la d\u00e9tente profonde,\u00a0<\/span><span style=\"font-size: 1rem;\">le renforcement doux,\u00a0<\/span><span style=\"font-size: 1rem;\">l\u2019\u00e9quilibre int\u00e9rieur par le souffle.<\/span><\/p>\n<p data-start=\"1748\" data-end=\"1856\">Chaque s\u00e9ance inclut une relaxation d\u2019ouverture, des postures \u00e9ventuellement adapt\u00e9es en fonction des personnes et un temps de repos pour int\u00e9grer.<\/p>\n<h2>Ma proposition :<\/h2>\n<article class=\"text-token-text-primary w-full\" dir=\"auto\" data-testid=\"conversation-turn-2\" data-scroll-anchor=\"false\">\n<div class=\"text-base my-auto mx-auto py-5 [--thread-content-margin:--spacing(4)] @[37rem]:[--thread-content-margin:--spacing(6)] @[72rem]:[--thread-content-margin:--spacing(16)] px-(--thread-content-margin)\">\n<div class=\"[--thread-content-max-width:32rem] @[34rem]:[--thread-content-max-width:40rem] @[64rem]:[--thread-content-max-width:48rem] mx-auto flex max-w-(--thread-content-max-width) flex-1 text-base gap-4 md:gap-5 lg:gap-6 group\/turn-messages focus-visible:outline-hidden\" tabindex=\"-1\">\n<div class=\"group\/conversation-turn relative flex w-full min-w-0 flex-col agent-turn\">\n<div class=\"relative flex-col gap-1 md:gap-3\">\n<div class=\"flex max-w-full flex-col grow\">\n<div class=\"min-h-8 text-message relative flex w-full flex-col items-end gap-2 text-start break-words whitespace-normal [.text-message+&amp;]:mt-5\" dir=\"auto\" data-message-author-role=\"assistant\" data-message-id=\"64e4e447-d7cd-4cb3-8b56-d6592e5ec140\" data-message-model-slug=\"gpt-4o\">\n<div class=\"flex w-full flex-col gap-1 empty:hidden first:pt-[3px]\">\n<div class=\"markdown prose dark:prose-invert w-full break-words dark\">\n<h3 class=\"\" data-start=\"239\" data-end=\"277\"><strong data-start=\"243\" data-end=\"277\">Un yoga vivant, incarn\u00e9, reli\u00e9<\/strong><\/h3>\n<p class=\"\" data-start=\"279\" data-end=\"682\">On entend souvent que les <em data-start=\"305\" data-end=\"318\">Yoga S\u016btras<\/em> de Pata\u00f1jali seraient \u00ab la Bible du yoga\u00bb, le texte de r\u00e9f\u00e9rence absolue. Ce yoga dit \u00ab traditionnel \u00bb, fond\u00e9 sur le renoncement, la ma\u00eetrise du souffle, des \u00e9motions, du mental, a \u00e9t\u00e9 \u00e9labor\u00e9 dans un contexte tr\u00e8s particulier : par des hommes, pour des hommes, dans une optique asc\u00e9tique, visant le retrait du monde et la cessation des fluctuations de l\u2019esprit.<\/p>\n<p class=\"\" data-start=\"684\" data-end=\"903\">Mais en 2026, pouvons-nous encore croire que la voie du renoncement\u00a0 soit la seule porte vers la libert\u00e9 ?<\/p>\n<p class=\"\" data-start=\"684\" data-end=\"903\">Faut-il vraiment faire taire nos \u00e9motions, r\u00e9duire nos pens\u00e9es, couper nos d\u00e9sirs, pour s\u2019\u00e9veiller \u00e0 la vie ?<\/p>\n<p class=\"\" data-start=\"905\" data-end=\"1383\">Je vous propose un autre regard :\u00a0Un chemin de yoga enracin\u00e9 dans la tradition tantrique, et plus pr\u00e9cis\u00e9ment dans le Shiva\u00efsme non-duel du Cachemire, tradition que j&#8217;\u00e9tudie avec passion depuis des ann\u00e9es (se reporter \u00e0 l&#8217;onglet &#8220;Qui suis-je ?&#8221;).<br data-start=\"1056\" data-end=\"1059\" \/>C&#8217;est un yoga qui ne cherche pas \u00e0 fuir le monde, mais \u00e0 l\u2019habiter pleinement&#8230;<br data-start=\"1131\" data-end=\"1134\" \/>C&#8217;est un yoga qui ne rejette ni le corps, ni les \u00e9motions, ni le mental, mais qui les accueille comme des expressions de la conscience elle-m\u00eame&#8230;.<br data-start=\"1273\" data-end=\"1276\" \/>C&#8217;est un yoga qui ne se r\u00e9sume pas \u00e0 la discipline, mais qui ouvre \u00e0 l\u2019\u00e9coute, \u00e0 la pr\u00e9sence, \u00e0 l\u2019\u00e9merveillement&#8230;.<\/p>\n<p class=\"\" data-start=\"1385\" data-end=\"1612\">Dans ce cours, nous explorons une pratique incarn\u00e9e, sensible, vivante, une voie d\u2019unit\u00e9 o\u00f9 le sacr\u00e9 se r\u00e9v\u00e8le dans l\u2019ordinaire, et o\u00f9 chaque exp\u00e9rience \u2013 m\u00eame la plus intense \u2013 peut devenir un portail vers la conscience.<\/p>\n<p class=\"\" style=\"text-align: center;\" data-start=\"1614\" data-end=\"1856\"><strong>\u00a0<em>Ce n\u2019est pas un yoga pour fuir le monde, mais pour l\u2019aimer plus profond\u00e9ment.<\/em><\/strong><br data-start=\"1691\" data-end=\"1694\" \/><em><strong>Ce n\u2019est pas un yoga pour arr\u00eater le mental, mais pour s\u2019\u00e9veiller \u00e0 sa source.<\/strong><\/em><br data-start=\"1772\" data-end=\"1775\" \/><em><strong>Ce n\u2019est pas un yoga ancien fig\u00e9, mais un yoga vivant, vibrant, toujours nouveau.<\/strong><\/em><\/p>\n<\/div>\n<\/div>\n<\/div>\n<\/div>\n<\/div>\n<\/div>\n<\/div>\n<\/div>\n<\/article>\n<article class=\"text-token-text-primary w-full\" dir=\"auto\" data-testid=\"conversation-turn-4\" data-scroll-anchor=\"false\">\n<div class=\"text-base my-auto mx-auto py-5 [--thread-content-margin:--spacing(4)] @[37rem]:[--thread-content-margin:--spacing(6)] @[72rem]:[--thread-content-margin:--spacing(16)] px-(--thread-content-margin)\">\n<div class=\"[--thread-content-max-width:32rem] @[34rem]:[--thread-content-max-width:40rem] @[64rem]:[--thread-content-max-width:48rem] mx-auto flex max-w-(--thread-content-max-width) flex-1 text-base gap-4 md:gap-5 lg:gap-6 group\/turn-messages focus-visible:outline-hidden\" tabindex=\"-1\">\n<div class=\"group\/conversation-turn relative flex w-full min-w-0 flex-col agent-turn\">\n<div class=\"relative flex-col gap-1 md:gap-3\">\n<div class=\"flex max-w-full flex-col grow\">\n<div class=\"min-h-8 text-message relative flex w-full flex-col items-end gap-2 text-start break-words whitespace-normal [.text-message+&amp;]:mt-5\" dir=\"auto\" data-message-author-role=\"assistant\" data-message-id=\"6db54048-fb18-4cd8-a113-c18d56737491\" data-message-model-slug=\"gpt-4o\">\n<div class=\"flex w-full flex-col gap-1 empty:hidden first:pt-[3px]\">\n<div class=\"markdown prose dark:prose-invert w-full break-words dark\">\n<p class=\"\" data-start=\"0\" data-end=\"127\">Au c\u0153ur de ce yoga, il y a une invitation simple mais profonde : <strong data-start=\"199\" data-end=\"226\">habiter l\u2019espace en soi<\/strong>.\u00a0Non pas un espace \u00e0 conqu\u00e9rir par l\u2019effort, mais un espace \u00e0 red\u00e9couvrir par la d\u00e9tente, car ce n\u2019est pas en se contractant qu\u2019on s\u2019\u00e9veille \u00e0 soi-m\u00eame mais au contraire en se rel\u00e2chant, en laissant tomber un instant, les exigences, les postures int\u00e9rieures, les d\u00e9fenses.<br data-start=\"489\" data-end=\"492\" \/>Alors quelque chose s\u2019ouvre&#8230;..<br data-start=\"520\" data-end=\"523\" \/>Un souffle plus large&#8230;..<br data-start=\"545\" data-end=\"548\" \/>Un silence habit\u00e9&#8230;..<br data-start=\"566\" data-end=\"569\" \/>Un espace d\u2019\u00e9coute, o\u00f9 le corps cesse d\u2019\u00eatre un objet \u00e0 corriger, et devient un paysage \u00e0 explorer&#8230;&#8230;.<\/p>\n<p class=\"\" data-start=\"670\" data-end=\"886\">Dans cet espace, rien n\u2019est \u00e0 rejeter.<br data-start=\"708\" data-end=\"711\" \/>La fatigue y a sa place. Le doute aussi. Les \u00e9lans du c\u0153ur, les mouvements de l\u2019\u00e2me, les fr\u00e9missements du souffle&#8230;&#8230;Tout devient mati\u00e8re vivante \u00e0 ressentir, \u00e0 go\u00fbter, \u00e0 aimer.<\/p>\n<p class=\"\" data-start=\"670\" data-end=\"886\">Ce yoga n\u2019est pas une performance, c\u2019est une descente, une lente plong\u00e9e dans la pr\u00e9sence.<br data-start=\"978\" data-end=\"981\" \/>Plus on se d\u00e9tend, plus l\u2019espace s\u2019\u00e9largit.<br data-start=\"1027\" data-end=\"1030\" \/>Plus on l\u00e2che les id\u00e9es de ce que \u00ab devrait \u00bb \u00eatre une posture, une pratique, un soi, plus la vie peut nous traverser librement.<\/p>\n<p class=\"\" data-start=\"1160\" data-end=\"1324\">Alors, semaine apr\u00e8s semaine, posture apr\u00e8s posture, silence apr\u00e8s silence, un autre rapport \u00e0 soi s\u2019installe. Moins tendu. Moins jugeant. Plus spacieux. Plus vrai.<\/p>\n<\/div>\n<\/div>\n<\/div>\n<\/div>\n<\/div>\n<\/div>\n<\/div>\n<\/div>\n<\/article>\n<article class=\"text-token-text-primary w-full\" dir=\"auto\" data-testid=\"conversation-turn-6\" data-scroll-anchor=\"false\">\n<div class=\"text-base my-auto mx-auto py-5 [--thread-content-margin:--spacing(4)] @[37rem]:[--thread-content-margin:--spacing(6)] @[72rem]:[--thread-content-margin:--spacing(16)] px-(--thread-content-margin)\">\n<div class=\"[--thread-content-max-width:32rem] @[34rem]:[--thread-content-max-width:40rem] @[64rem]:[--thread-content-max-width:48rem] mx-auto flex max-w-(--thread-content-max-width) flex-1 text-base gap-4 md:gap-5 lg:gap-6 group\/turn-messages focus-visible:outline-hidden\" tabindex=\"-1\">\n<div class=\"group\/conversation-turn relative flex w-full min-w-0 flex-col agent-turn\">\n<div class=\"relative flex-col gap-1 md:gap-3\">\n<div class=\"flex max-w-full flex-col grow\">\n<div class=\"min-h-8 text-message relative flex w-full flex-col items-end gap-2 text-start break-words whitespace-normal [.text-message+&amp;]:mt-5\" dir=\"auto\" data-message-author-role=\"assistant\" data-message-id=\"ed48302f-1940-4925-8d6c-b33d8e9baaf0\" data-message-model-slug=\"gpt-4o\">\n<div class=\"flex w-full flex-col gap-1 empty:hidden first:pt-[3px]\">\n<div class=\"markdown prose dark:prose-invert w-full break-words dark\">\n<p class=\"\" data-start=\"186\" data-end=\"475\">Cela n\u2019exclut en rien le renforcement du corps.<br data-start=\"236\" data-end=\"239\" \/>Nous bougeons, nous engageons nos muscles, nous d\u00e9veloppons notre stabilit\u00e9, mais toujours \u00e0 partir de cette qualit\u00e9 d\u2019\u00e9coute, sans violence, sans forcing. Ce que nous cultivons avant tout est la <strong data-start=\"448\" data-end=\"474\">pr\u00e9sence bienveillante<\/strong>.<\/p>\n<p class=\"\" data-start=\"477\" data-end=\"751\">La force peut grandir, oui, mais elle s\u2019enracine dans la douceur.<br data-start=\"542\" data-end=\"545\" \/>L\u2019endurance peut s\u2019installer, oui,\u00a0 mais elle s\u2019ouvre \u00e0 partir de l\u2019accueil de nos limites.<br data-start=\"630\" data-end=\"633\" \/>Nous apprenons \u00e0 habiter notre corps comme on entre dans une maison sacr\u00e9e : avec respect, avec attention, avec amour.<\/p>\n<p class=\"\" data-start=\"1060\" data-end=\"1314\">Ce yoga est donc une pratique de transformation, comme y invite le Shiva\u00efsme du Cachemire : Pas une transformation qui\u00a0nous \u00e9loigne de nous-m\u00eames pour devenir quelqu\u2019un d\u2019autre, mais celle qui nous ram\u00e8ne, patiemment, tendrement, \u00e0 ce que nous sommes profond\u00e9ment :\u00a0<strong data-start=\"1276\" data-end=\"1314\">un espace vivant, sensible, reli\u00e9.<\/strong><\/p>\n<p style=\"text-align: center;\" data-start=\"1060\" data-end=\"1314\"><strong>Ecouter plut\u00f4t que forcer, ressentir plut\u00f4t que r\u00e9ussir. C&#8217;est u<\/strong><strong>ne voie vers soi, \u00e0 travers le corps o\u00f9 chaque posture devient pri\u00e8re, o\u00f9 chaque sensation devient passage. I<\/strong><strong style=\"font-size: 1rem;\">l n\u2019y a rien \u00e0 atteindre, juste \u00e0 s\u2019ouvrir.\u00a0<\/strong><strong style=\"font-size: 1rem;\">Tout est d\u00e9j\u00e0 l\u00e0.<\/strong><\/p>\n<p>&nbsp;<\/p>\n<\/div>\n<\/div>\n<\/div>\n<\/div>\n<\/div>\n<\/div>\n<\/div>\n<\/div>\n<\/article>\n<h2>Ce que j&#8217;aime vous proposer :<\/h2>\n<p><strong>&#8211; un Yoga bienveillant, <\/strong><strong>doux et relaxant :<\/strong><\/p>\n<p>Une approche douce et relaxante du Yoga avec\u00a0un travail sur le souffle, des postures pratiqu\u00e9es en conscience,\u00a0 un travail doux sur les articulations pour les explorer. Etirements et renforcement musculaire du corps sont bien pr\u00e9sents dans ces s\u00e9ances, car la douceur n&#8217;exclue pas le renforcement.\u00a0<span style=\"font-size: 1rem;\">La s\u00e9ance se termine par une relaxation\/rotation de conscience, une relaxation\/visualisation, une m\u00e9ditation de pleine conscience ou un bain sonore<\/span><\/p>\n<p><strong>&#8211; Yoga en Slow Flow\u00a0 <\/strong><strong>:\u00a0<\/strong><\/p>\n<p>Une approche des postures qui est celle de ma Tradition de pr\u00e9dilection, \u00e0 savoir une m\u00e9ditation dans le corps et le mental pendant que le flot des postures se d\u00e9roule, une r\u00e9p\u00e9tition des enchainements tout en douceur et de fa\u00e7on consciente, permettant au corps et au mental de se relaxer pour nous faire quitter naturellement nos sch\u00e9mas de pens\u00e9es, nos contr\u00f4les mentaux, nos identifications pour acc\u00e9der \u00e0 un espace d\u2019ouverture et de disponibilit\u00e9 et accueillir ainsi le flot de la Vie en nous.<\/p>\n<p><strong>&#8211; Yoga somatique :<\/strong><\/p>\n<p>Une approche somatique pour permettre de comprendre les alignements, les positionnements du corps, le jeu des muscles,\u00a0 les limites du corps, les vivre dans des enchainements de posture ex\u00e9cut\u00e9s lentement, en pleine conscience.\u00a0 Nous apprenons \u00e0 positionner le corps et profiter pleinement des postures qui deviennent\u00a0 d\u00e9licieusement m\u00e9ditatives.<\/p>\n<p>&#8211; <strong>Des s\u00e9ances de type Yin Yoga :<\/strong><\/p>\n<p>Ce type de Yoga pr\u00e9sente de nombreux bienfaits et est compl\u00e9mentaire des autres pratiques car il travaille sur les fascias et les \u00e9tire en douceur. Il est compl\u00e9mentaire des pratiques qui stimulent davantage les muscles. Il est id\u00e9al pour les sportifs notamment car les \u00e9tirements sont importants et tenus longtemps, mais aussi pour tous ceux qui ressentent des tensions et souhaitent prendre le temps de les observer et de les adoucir, de les ouvrir. Douceur et observation des ressentis pendant les longs \u00e9tirements\u00a0 puisque les postures sont tenues sur 10 ou 20 souffles sont au programme de ces s\u00e9ances d\u00e9licieusement m\u00e9ditatives.<\/p>\n<p><strong>&#8211; M\u00e9ditation ou relaxation ou Yoga Nidra mais pas que&#8230; :<\/strong><\/p>\n<p>Tous les cours se terminent\u00a0 par une relaxation, ou une m\u00e9ditation. Les m\u00e9ditations plus longues et les Yoga Nidra sont r\u00e9serv\u00e9es \u00e0 l&#8217;atelier de m\u00e9ditation du jeudi soir (Se reporter \u00e0 l&#8217;onglet sp\u00e9cifique).<\/p>\n<p>Le son des bols tib\u00e9tains, des koshis, de l&#8217;ocean drum\u00a0 accompagne r\u00e9guli\u00e8rement nos fins de s\u00e9ances ou nos m\u00e9ditations. J&#8217;aime \u00e9galement proposer des auto massages apaisants, des lectures mais aussi des kirtans pour terminer ces moments pass\u00e9s ensemble.<\/p>\n<p><strong>&#8211; Cours pour dos sensibles\u00a0 et fascias : Se reporter \u00e0 l&#8217;onglet suivant<\/strong><\/p>\n<p>&nbsp;<\/p>\n<h3>Pendant les vacances scolaires :<\/h3>\n<p>Les cours sont souvent maintenus au moins une partie des vacances scolaires sur le choix du groupe de participants et selon le nombre de participants.. Nous en discutons tous ensemble.<\/p>\n<p>&nbsp;<\/p>\n<p><img loading=\"lazy\" decoding=\"async\" class=\"alignnone wp-image-55 size-full\" src=\"http:\/\/yoga-atmajaya.fr\/wp-content\/uploads\/2018\/07\/photo-d-ouverture-2.jpg\" alt=\"\" width=\"1920\" height=\"1280\" srcset=\"https:\/\/yoga-atmajaya.fr\/wp-content\/uploads\/2018\/07\/photo-d-ouverture-2.jpg 1920w, https:\/\/yoga-atmajaya.fr\/wp-content\/uploads\/2018\/07\/photo-d-ouverture-2-300x200.jpg 300w, https:\/\/yoga-atmajaya.fr\/wp-content\/uploads\/2018\/07\/photo-d-ouverture-2-768x512.jpg 768w, https:\/\/yoga-atmajaya.fr\/wp-content\/uploads\/2018\/07\/photo-d-ouverture-2-1024x683.jpg 1024w\" sizes=\"auto, (max-width: 767px) 89vw, (max-width: 1000px) 54vw, (max-width: 1071px) 543px, 580px\" \/><\/p>\n","protected":false},"excerpt":{"rendered":"<p>Mes cours de yoga sont accessibles \u00e0 tous, m\u00eame aux personnes peu souples ou souffrant de douleurs de dos.\u00a0Le mouvement est lent, conscient, attentif aux limites et aux besoins de chacun. Nous travaillons\u00a0la mobilit\u00e9 articulaire,\u00a0la respiration naturelle,\u00a0la d\u00e9tente profonde,\u00a0le renforcement doux,\u00a0l\u2019\u00e9quilibre int\u00e9rieur par le souffle. Chaque s\u00e9ance inclut une relaxation d\u2019ouverture, des postures \u00e9ventuellement adapt\u00e9es &hellip; <\/p>\n<p class=\"link-more\"><a href=\"https:\/\/yoga-atmajaya.fr\/index.php\/les-cours-de-yoga\/\" class=\"more-link\">Continue reading<span class=\"screen-reader-text\"> &#8220;Cours de Yoga doux&#8221;<\/span><\/a><\/p>\n","protected":false},"author":1,"featured_media":0,"parent":0,"menu_order":0,"comment_status":"closed","ping_status":"closed","template":"","meta":{"footnotes":""},"class_list":["post-8","page","type-page","status-publish","hentry"],"_links":{"self":[{"href":"https:\/\/yoga-atmajaya.fr\/index.php\/wp-json\/wp\/v2\/pages\/8","targetHints":{"allow":["GET"]}}],"collection":[{"href":"https:\/\/yoga-atmajaya.fr\/index.php\/wp-json\/wp\/v2\/pages"}],"about":[{"href":"https:\/\/yoga-atmajaya.fr\/index.php\/wp-json\/wp\/v2\/types\/page"}],"author":[{"embeddable":true,"href":"https:\/\/yoga-atmajaya.fr\/index.php\/wp-json\/wp\/v2\/users\/1"}],"replies":[{"embeddable":true,"href":"https:\/\/yoga-atmajaya.fr\/index.php\/wp-json\/wp\/v2\/comments?post=8"}],"version-history":[{"count":44,"href":"https:\/\/yoga-atmajaya.fr\/index.php\/wp-json\/wp\/v2\/pages\/8\/revisions"}],"predecessor-version":[{"id":513,"href":"https:\/\/yoga-atmajaya.fr\/index.php\/wp-json\/wp\/v2\/pages\/8\/revisions\/513"}],"wp:attachment":[{"href":"https:\/\/yoga-atmajaya.fr\/index.php\/wp-json\/wp\/v2\/media?parent=8"}],"curies":[{"name":"wp","href":"https:\/\/api.w.org\/{rel}","templated":true}]}}